{"id":2127,"date":"2026-03-05T09:34:13","date_gmt":"2026-03-05T08:34:13","guid":{"rendered":"https:\/\/4-saisons.be\/?page_id=2127"},"modified":"2026-03-25T09:53:36","modified_gmt":"2026-03-25T08:53:36","slug":"nos-poteries","status":"publish","type":"page","link":"https:\/\/4-saisons.be\/nos-poteries\/","title":{"rendered":"Nos poteries"},"content":{"rendered":"\t\t<div data-elementor-type=\"wp-page\" data-elementor-id=\"2127\" class=\"elementor elementor-2127\" data-elementor-post-type=\"page\">\n\t\t\t\t\t\t<section class=\"elementor-section elementor-top-section elementor-element elementor-element-4668394 elementor-section-height-min-height elementor-section-full_width elementor-section-height-default elementor-section-items-middle\" data-id=\"4668394\" data-element_type=\"section\" data-e-type=\"section\" data-settings=\"{&quot;background_background&quot;:&quot;classic&quot;}\">\n\t\t\t\t\t\t\t<div class=\"elementor-background-overlay\"><\/div>\n\t\t\t\t\t\t\t<div class=\"elementor-container elementor-column-gap-default\">\n\t\t\t\t\t<div class=\"elementor-column elementor-col-100 elementor-top-column elementor-element elementor-element-886d358\" data-id=\"886d358\" data-element_type=\"column\" data-e-type=\"column\">\n\t\t\t<div class=\"elementor-widget-wrap elementor-element-populated\">\n\t\t\t\t\t\t<div class=\"elementor-element elementor-element-58f471b elementor-widget elementor-widget-heading\" data-id=\"58f471b\" data-element_type=\"widget\" data-e-type=\"widget\" data-widget_type=\"heading.default\">\n\t\t\t\t<div class=\"elementor-widget-container\">\n\t\t\t\t\t<h1 class=\"elementor-heading-title elementor-size-default\">nos poteries<\/h1>\t\t\t\t<\/div>\n\t\t\t\t<\/div>\n\t\t\t\t\t<\/div>\n\t\t<\/div>\n\t\t\t\t\t<\/div>\n\t\t<\/section>\n\t\t\t\t<section class=\"elementor-section elementor-top-section elementor-element elementor-element-cb362c6 elementor-section-boxed elementor-section-height-default elementor-section-height-default\" data-id=\"cb362c6\" data-element_type=\"section\" data-e-type=\"section\" data-settings=\"{&quot;background_background&quot;:&quot;classic&quot;}\">\n\t\t\t\t\t\t<div class=\"elementor-container elementor-column-gap-default\">\n\t\t\t\t\t<div class=\"elementor-column elementor-col-100 elementor-top-column elementor-element elementor-element-23a73c8\" data-id=\"23a73c8\" data-element_type=\"column\" data-e-type=\"column\">\n\t\t\t<div class=\"elementor-widget-wrap elementor-element-populated\">\n\t\t\t\t\t\t<div class=\"elementor-element elementor-element-bb14b4b elementor-widget elementor-widget-heading\" data-id=\"bb14b4b\" data-element_type=\"widget\" data-e-type=\"widget\" data-widget_type=\"heading.default\">\n\t\t\t\t<div class=\"elementor-widget-container\">\n\t\t\t\t\t<h2 class=\"elementor-heading-title elementor-size-default\">Nos poteries pour sublimer vos plantes<\/h2>\t\t\t\t<\/div>\n\t\t\t\t<\/div>\n\t\t\t\t<div class=\"elementor-element elementor-element-79c0521 elementor-widget elementor-widget-text-editor\" data-id=\"79c0521\" data-element_type=\"widget\" data-e-type=\"widget\" data-widget_type=\"text-editor.default\">\n\t\t\t\t<div class=\"elementor-widget-container\">\n\t\t\t\t\t\t\t\t\t<p data-start=\"4549\" data-end=\"4760\">Les poteries jouent un r\u00f4le essentiel dans l\u2019am\u00e9nagement de votre jardin ou de votre int\u00e9rieur. Elles permettent de mettre en valeur les plantes tout en structurant l\u2019espace de mani\u00e8re esth\u00e9tique et harmonieuse.<\/p><p data-start=\"4762\" data-end=\"4885\">Dans notre jardinerie \u00e0 Namur, nous proposons une s\u00e9lection de pots et de contenants adapt\u00e9s \u00e0 diff\u00e9rents styles et usages.<\/p>\t\t\t\t\t\t\t\t<\/div>\n\t\t\t\t<\/div>\n\t\t\t\t\t<\/div>\n\t\t<\/div>\n\t\t\t\t\t<\/div>\n\t\t<\/section>\n\t\t\t\t<section class=\"elementor-section elementor-top-section elementor-element elementor-element-bfda93f elementor-section-boxed elementor-section-height-default elementor-section-height-default\" data-id=\"bfda93f\" data-element_type=\"section\" data-e-type=\"section\" data-settings=\"{&quot;background_background&quot;:&quot;classic&quot;}\">\n\t\t\t\t\t\t<div class=\"elementor-container elementor-column-gap-default\">\n\t\t\t\t\t<div class=\"elementor-column elementor-col-50 elementor-top-column elementor-element elementor-element-70dac3f\" data-id=\"70dac3f\" data-element_type=\"column\" data-e-type=\"column\">\n\t\t\t<div class=\"elementor-widget-wrap elementor-element-populated\">\n\t\t\t\t\t\t<div class=\"elementor-element elementor-element-b1677c0 elementor-widget elementor-widget-image\" data-id=\"b1677c0\" data-element_type=\"widget\" data-e-type=\"widget\" data-widget_type=\"image.default\">\n\t\t\t\t<div class=\"elementor-widget-container\">\n\t\t\t\t\t\t\t\t\t\t\t\t\t\t\t<img fetchpriority=\"high\" decoding=\"async\" width=\"750\" height=\"563\" src=\"https:\/\/4-saisons.be\/wp-content\/uploads\/2026\/03\/IMG_7265-1024x768.jpg\" class=\"attachment-large size-large wp-image-1985\" alt=\"\" srcset=\"https:\/\/4-saisons.be\/wp-content\/uploads\/2026\/03\/IMG_7265-1024x768.jpg 1024w, https:\/\/4-saisons.be\/wp-content\/uploads\/2026\/03\/IMG_7265-300x225.jpg 300w, https:\/\/4-saisons.be\/wp-content\/uploads\/2026\/03\/IMG_7265-768x576.jpg 768w, https:\/\/4-saisons.be\/wp-content\/uploads\/2026\/03\/IMG_7265-1536x1152.jpg 1536w, https:\/\/4-saisons.be\/wp-content\/uploads\/2026\/03\/IMG_7265-2048x1536.jpg 2048w, https:\/\/4-saisons.be\/wp-content\/uploads\/2026\/03\/IMG_7265-1320x990.jpg 1320w\" sizes=\"(max-width: 750px) 100vw, 750px\" \/>\t\t\t\t\t\t\t\t\t\t\t\t\t\t\t<\/div>\n\t\t\t\t<\/div>\n\t\t\t\t\t<\/div>\n\t\t<\/div>\n\t\t\t\t<div class=\"elementor-column elementor-col-50 elementor-top-column elementor-element elementor-element-81165c7\" data-id=\"81165c7\" data-element_type=\"column\" data-e-type=\"column\">\n\t\t\t<div class=\"elementor-widget-wrap elementor-element-populated\">\n\t\t\t\t\t\t<div class=\"elementor-element elementor-element-c151c62 elementor-widget elementor-widget-heading\" data-id=\"c151c62\" data-element_type=\"widget\" data-e-type=\"widget\" data-widget_type=\"heading.default\">\n\t\t\t\t<div class=\"elementor-widget-container\">\n\t\t\t\t\t<h2 class=\"elementor-heading-title elementor-size-default\">Des pots adapt\u00e9s \u00e0 chaque espace<\/h2>\t\t\t\t<\/div>\n\t\t\t\t<\/div>\n\t\t\t\t<div class=\"elementor-element elementor-element-54a134e elementor-widget elementor-widget-text-editor\" data-id=\"54a134e\" data-element_type=\"widget\" data-e-type=\"widget\" data-widget_type=\"text-editor.default\">\n\t\t\t\t<div class=\"elementor-widget-container\">\n\t\t\t\t\t\t\t\t\t<p data-start=\"837\" data-end=\"1108\">Les poteries peuvent \u00eatre utilis\u00e9es aussi bien \u00e0 l\u2019int\u00e9rieur qu\u2019\u00e0 l\u2019ext\u00e9rieur. Elles permettent d\u2019habiller un salon, d\u2019am\u00e9nager une terrasse ou de structurer un jardin. Le choix du pot d\u00e9pend souvent du type de plante, de la taille souhait\u00e9e et du style recherch\u00e9.<\/p>\t\t\t\t\t\t\t\t<\/div>\n\t\t\t\t<\/div>\n\t\t\t\t\t<\/div>\n\t\t<\/div>\n\t\t\t\t\t<\/div>\n\t\t<\/section>\n\t\t\t\t<section class=\"elementor-section elementor-top-section elementor-element elementor-element-dc28f1a elementor-reverse-tablet elementor-reverse-mobile elementor-section-boxed elementor-section-height-default elementor-section-height-default\" data-id=\"dc28f1a\" data-element_type=\"section\" data-e-type=\"section\" data-settings=\"{&quot;background_background&quot;:&quot;classic&quot;}\">\n\t\t\t\t\t\t<div class=\"elementor-container elementor-column-gap-default\">\n\t\t\t\t\t<div class=\"elementor-column elementor-col-50 elementor-top-column elementor-element elementor-element-59458fc\" data-id=\"59458fc\" data-element_type=\"column\" data-e-type=\"column\">\n\t\t\t<div class=\"elementor-widget-wrap elementor-element-populated\">\n\t\t\t\t\t\t<div class=\"elementor-element elementor-element-4791307 elementor-widget elementor-widget-heading\" data-id=\"4791307\" data-element_type=\"widget\" data-e-type=\"widget\" data-widget_type=\"heading.default\">\n\t\t\t\t<div class=\"elementor-widget-container\">\n\t\t\t\t\t<h2 class=\"elementor-heading-title elementor-size-default\">Allier esth\u00e9tique et fonctionnalit\u00e9<\/h2>\t\t\t\t<\/div>\n\t\t\t\t<\/div>\n\t\t\t\t<div class=\"elementor-element elementor-element-d919002 elementor-widget elementor-widget-text-editor\" data-id=\"d919002\" data-element_type=\"widget\" data-e-type=\"widget\" data-widget_type=\"text-editor.default\">\n\t\t\t\t<div class=\"elementor-widget-container\">\n\t\t\t\t\t\t\t\t\t<p data-start=\"837\" data-end=\"1108\">Au-del\u00e0 de l\u2019aspect d\u00e9coratif, les poteries doivent \u00e9galement r\u00e9pondre aux besoins des plantes. Le mat\u00e9riau, la taille et le drainage jouent un r\u00f4le important dans la bonne croissance des v\u00e9g\u00e9taux.<\/p>\t\t\t\t\t\t\t\t<\/div>\n\t\t\t\t<\/div>\n\t\t\t\t<div class=\"elementor-element elementor-element-caecd9e elementor-widget elementor-widget-spacer\" data-id=\"caecd9e\" data-element_type=\"widget\" data-e-type=\"widget\" data-widget_type=\"spacer.default\">\n\t\t\t\t<div class=\"elementor-widget-container\">\n\t\t\t\t\t\t\t<div class=\"elementor-spacer\">\n\t\t\t<div class=\"elementor-spacer-inner\"><\/div>\n\t\t<\/div>\n\t\t\t\t\t\t<\/div>\n\t\t\t\t<\/div>\n\t\t\t\t<div class=\"elementor-element elementor-element-cfc88a8 elementor-widget elementor-widget-heading\" data-id=\"cfc88a8\" data-element_type=\"widget\" data-e-type=\"widget\" data-widget_type=\"heading.default\">\n\t\t\t\t<div class=\"elementor-widget-container\">\n\t\t\t\t\t<h2 class=\"elementor-heading-title elementor-size-default\">Cr\u00e9er une ambiance v\u00e9g\u00e9tale<\/h2>\t\t\t\t<\/div>\n\t\t\t\t<\/div>\n\t\t\t\t<div class=\"elementor-element elementor-element-0f560a1 elementor-widget elementor-widget-text-editor\" data-id=\"0f560a1\" data-element_type=\"widget\" data-e-type=\"widget\" data-widget_type=\"text-editor.default\">\n\t\t\t\t<div class=\"elementor-widget-container\">\n\t\t\t\t\t\t\t\t\t<p data-start=\"5479\" data-end=\"5713\">Les pots et jardini\u00e8res permettent de composer des espaces v\u00e9g\u00e9talis\u00e9s harmonieux et personnalis\u00e9s. Ils offrent de nombreuses possibilit\u00e9s d\u2019am\u00e9nagement pour mettre en valeur vos plantes et transformer votre jardin ou votre int\u00e9rieur.<\/p>\t\t\t\t\t\t\t\t<\/div>\n\t\t\t\t<\/div>\n\t\t\t\t\t<\/div>\n\t\t<\/div>\n\t\t\t\t<div class=\"elementor-column elementor-col-50 elementor-top-column elementor-element elementor-element-a485073\" data-id=\"a485073\" data-element_type=\"column\" data-e-type=\"column\" data-settings=\"{&quot;background_background&quot;:&quot;classic&quot;}\">\n\t\t\t<div class=\"elementor-widget-wrap elementor-element-populated\">\n\t\t\t\t\t\t<div class=\"elementor-element elementor-element-a57c21d elementor-widget elementor-widget-image\" data-id=\"a57c21d\" data-element_type=\"widget\" data-e-type=\"widget\" data-widget_type=\"image.default\">\n\t\t\t\t<div class=\"elementor-widget-container\">\n\t\t\t\t\t\t\t\t\t\t\t\t\t\t\t<img decoding=\"async\" width=\"4133\" height=\"5424\" src=\"https:\/\/4-saisons.be\/wp-content\/uploads\/2026\/03\/pexels-karola-g-4210375-e1773666032834.jpg\" class=\"attachment-full size-full wp-image-2346\" alt=\"\" srcset=\"https:\/\/4-saisons.be\/wp-content\/uploads\/2026\/03\/pexels-karola-g-4210375-e1773666032834.jpg 4133w, https:\/\/4-saisons.be\/wp-content\/uploads\/2026\/03\/pexels-karola-g-4210375-e1773666032834-229x300.jpg 229w, https:\/\/4-saisons.be\/wp-content\/uploads\/2026\/03\/pexels-karola-g-4210375-e1773666032834-780x1024.jpg 780w, https:\/\/4-saisons.be\/wp-content\/uploads\/2026\/03\/pexels-karola-g-4210375-e1773666032834-768x1008.jpg 768w, https:\/\/4-saisons.be\/wp-content\/uploads\/2026\/03\/pexels-karola-g-4210375-e1773666032834-1170x1536.jpg 1170w, https:\/\/4-saisons.be\/wp-content\/uploads\/2026\/03\/pexels-karola-g-4210375-e1773666032834-1561x2048.jpg 1561w, https:\/\/4-saisons.be\/wp-content\/uploads\/2026\/03\/pexels-karola-g-4210375-e1773666032834-1320x1732.jpg 1320w\" sizes=\"(max-width: 4133px) 100vw, 4133px\" \/>\t\t\t\t\t\t\t\t\t\t\t\t\t\t\t<\/div>\n\t\t\t\t<\/div>\n\t\t\t\t\t<\/div>\n\t\t<\/div>\n\t\t\t\t\t<\/div>\n\t\t<\/section>\n\t\t\t\t<section class=\"elementor-section elementor-top-section elementor-element elementor-element-177f636 elementor-section-full_width elementor-section-height-default elementor-section-height-default\" data-id=\"177f636\" data-element_type=\"section\" data-e-type=\"section\">\n\t\t\t\t\t\t<div class=\"elementor-container elementor-column-gap-no\">\n\t\t\t\t\t<div class=\"elementor-column elementor-col-66 elementor-top-column elementor-element elementor-element-33f26e4\" data-id=\"33f26e4\" data-element_type=\"column\" data-e-type=\"column\">\n\t\t\t<div class=\"elementor-widget-wrap elementor-element-populated\">\n\t\t\t\t\t\t<div class=\"elementor-element elementor-element-aa32e11 elementor-widget elementor-widget-google_maps\" data-id=\"aa32e11\" data-element_type=\"widget\" data-e-type=\"widget\" data-widget_type=\"google_maps.default\">\n\t\t\t\t<div class=\"elementor-widget-container\">\n\t\t\t\t\t\t\t<div class=\"elementor-custom-embed\">\n\t\t\t<iframe loading=\"lazy\"\n\t\t\t\t\tsrc=\"https:\/\/maps.google.com\/maps?q=4%20Saisons%20chau%20de%20louvain%20975b%205022%20Namur&#038;t=m&#038;z=10&#038;output=embed&#038;iwloc=near\"\n\t\t\t\t\ttitle=\"4 Saisons chau de louvain 975b 5022 Namur\"\n\t\t\t\t\taria-label=\"4 Saisons chau de louvain 975b 5022 Namur\"\n\t\t\t><\/iframe>\n\t\t<\/div>\n\t\t\t\t\t\t<\/div>\n\t\t\t\t<\/div>\n\t\t\t\t\t<\/div>\n\t\t<\/div>\n\t\t\t\t<div class=\"elementor-column elementor-col-33 elementor-top-column elementor-element elementor-element-39ebad7\" data-id=\"39ebad7\" data-element_type=\"column\" data-e-type=\"column\" data-settings=\"{&quot;background_background&quot;:&quot;classic&quot;}\">\n\t\t\t<div class=\"elementor-widget-wrap elementor-element-populated\">\n\t\t\t\t\t\t<div class=\"elementor-element elementor-element-c01d468 elementor-widget elementor-widget-heading\" data-id=\"c01d468\" data-element_type=\"widget\" data-e-type=\"widget\" data-widget_type=\"heading.default\">\n\t\t\t\t<div class=\"elementor-widget-container\">\n\t\t\t\t\t<h3 class=\"elementor-heading-title elementor-size-default\">Venez d\u00e9couvrir notre jardinerie \u00e0 Namur<\/h3>\t\t\t\t<\/div>\n\t\t\t\t<\/div>\n\t\t\t\t<div class=\"elementor-element elementor-element-766f2b6 elementor-widget elementor-widget-text-editor\" data-id=\"766f2b6\" data-element_type=\"widget\" data-e-type=\"widget\" data-widget_type=\"text-editor.default\">\n\t\t\t\t<div class=\"elementor-widget-container\">\n\t\t\t\t\t\t\t\t\t<p>T\u00e9l\u00e9phone : <br>0 497 26 51 55&nbsp;<\/p>\n<p>Adresse mail : fabriceabras@hotmail.com<\/p>\n<p>Adresse postale : <br>Chau. De Louvain 975b, 5022 Namur<\/p>\n<p>Horaires :&nbsp;<br><span style=\"font-size: inherit;\">Lundi : 9h -18h<br><\/span><span style=\"font-size: inherit;\">Mardi : 9h-18h<br><\/span><span style=\"font-size: inherit;\">Mercredi : 9h-18h<br><\/span><span style=\"font-size: inherit;\">Jeudi : 9h-18h<br><\/span><span style=\"font-size: inherit;\">Vendredi : 9h-18h<br><\/span><span style=\"font-size: inherit;\">Samedi : 9h-18h<br><\/span><span style=\"font-size: inherit;\">Dimanche : 9h-12h30<br><\/span><\/p>\t\t\t\t\t\t\t\t<\/div>\n\t\t\t\t<\/div>\n\t\t\t\t\t<\/div>\n\t\t<\/div>\n\t\t\t\t\t<\/div>\n\t\t<\/section>\n\t\t\t\t<section class=\"elementor-section elementor-top-section elementor-element elementor-element-e11cff2 elementor-section-full_width elementor-section-height-default elementor-section-height-default\" data-id=\"e11cff2\" data-element_type=\"section\" data-e-type=\"section\" data-settings=\"{&quot;background_background&quot;:&quot;classic&quot;}\">\n\t\t\t\t\t\t<div class=\"elementor-container elementor-column-gap-default\">\n\t\t\t\t\t<div class=\"elementor-column elementor-col-100 elementor-top-column elementor-element elementor-element-d938e5f\" data-id=\"d938e5f\" data-element_type=\"column\" data-e-type=\"column\">\n\t\t\t<div class=\"elementor-widget-wrap elementor-element-populated\">\n\t\t\t\t\t\t<div class=\"elementor-element elementor-element-d1bf067 elementor-widget elementor-widget-html\" data-id=\"d1bf067\" data-element_type=\"widget\" data-e-type=\"widget\" data-widget_type=\"html.default\">\n\t\t\t\t<div class=\"elementor-widget-container\">\n\t\t\t\t\t <!-- Elfsight Google Reviews | Untitled Google Reviews -->\n<script src=\"https:\/\/elfsightcdn.com\/platform.js\" async><\/script>\n<div class=\"elfsight-app-cf9f76be-42d5-4ecc-9d6a-2dd1c89bb174\" data-elfsight-app-lazy><\/div>\t\t\t\t<\/div>\n\t\t\t\t<\/div>\n\t\t\t\t\t<\/div>\n\t\t<\/div>\n\t\t\t\t\t<\/div>\n\t\t<\/section>\n\t\t\t\t<section class=\"elementor-section elementor-top-section elementor-element elementor-element-6a4d72c elementor-section-boxed elementor-section-height-default elementor-section-height-default\" data-id=\"6a4d72c\" data-element_type=\"section\" data-e-type=\"section\">\n\t\t\t\t\t\t<div class=\"elementor-container elementor-column-gap-default\">\n\t\t\t\t\t<div class=\"elementor-column elementor-col-100 elementor-top-column elementor-element elementor-element-7132c04\" data-id=\"7132c04\" data-element_type=\"column\" data-e-type=\"column\">\n\t\t\t<div class=\"elementor-widget-wrap elementor-element-populated\">\n\t\t\t\t\t\t<div class=\"elementor-element elementor-element-c32d1a8 elementor-widget elementor-widget-facebook-embed\" data-id=\"c32d1a8\" data-element_type=\"widget\" data-e-type=\"widget\" data-widget_type=\"facebook-embed.default\">\n\t\t\t\t<div class=\"elementor-widget-container\">\n\t\t\t\t\t<div style=\"min-height: 1px\" class=\"elementor-facebook-widget fb-post\" data-href=\"https:\/\/www.facebook.com\/Jardinerie4saisons\/?locale=fr_FR\" data-show-text=\"false\"><\/div>\t\t\t\t<\/div>\n\t\t\t\t<\/div>\n\t\t\t\t\t<\/div>\n\t\t<\/div>\n\t\t\t\t\t<\/div>\n\t\t<\/section>\n\t\t\t\t<\/div>\n\t\t","protected":false},"excerpt":{"rendered":"<p>nos poteries Nos poteries pour sublimer vos plantes Les poteries jouent un r\u00f4le essentiel dans l\u2019am\u00e9nagement de votre jardin ou de votre int\u00e9rieur. Elles permettent de mettre en valeur les plantes tout en structurant l\u2019espace de mani\u00e8re esth\u00e9tique et harmonieuse. Dans notre jardinerie \u00e0 Namur, nous proposons une s\u00e9lection de [&hellip;]<\/p>\n","protected":false},"author":39,"featured_media":0,"parent":0,"menu_order":0,"comment_status":"closed","ping_status":"closed","template":"page-templates\/template-pagebuilder-full-width.php","meta":{"footnotes":""},"class_list":["post-2127","page","type-page","status-publish","hentry"],"aioseo_notices":[],"_links":{"self":[{"href":"https:\/\/4-saisons.be\/nov-apijson\/wp\/v2\/pages\/2127","targetHints":{"allow":["GET"]}}],"collection":[{"href":"https:\/\/4-saisons.be\/nov-apijson\/wp\/v2\/pages"}],"about":[{"href":"https:\/\/4-saisons.be\/nov-apijson\/wp\/v2\/types\/page"}],"author":[{"embeddable":true,"href":"https:\/\/4-saisons.be\/nov-apijson\/wp\/v2\/users\/39"}],"replies":[{"embeddable":true,"href":"https:\/\/4-saisons.be\/nov-apijson\/wp\/v2\/comments?post=2127"}],"version-history":[{"count":30,"href":"https:\/\/4-saisons.be\/nov-apijson\/wp\/v2\/pages\/2127\/revisions"}],"predecessor-version":[{"id":2495,"href":"https:\/\/4-saisons.be\/nov-apijson\/wp\/v2\/pages\/2127\/revisions\/2495"}],"wp:attachment":[{"href":"https:\/\/4-saisons.be\/nov-apijson\/wp\/v2\/media?parent=2127"}],"curies":[{"name":"wp","href":"https:\/\/api.w.org\/{rel}","templated":true}]}}